{"id":569,"date":"2024-07-19T15:26:47","date_gmt":"2024-07-19T13:26:47","guid":{"rendered":"https:\/\/www.hof-sue.de\/?page_id=569"},"modified":"2024-07-21T19:35:39","modified_gmt":"2024-07-21T17:35:39","slug":"camping","status":"publish","type":"page","link":"https:\/\/www.hof-sue.de\/?page_id=569","title":{"rendered":"Camping"},"content":{"rendered":"\t\t<div data-elementor-type=\"wp-page\" data-elementor-id=\"569\" class=\"elementor elementor-569\" data-elementor-post-type=\"page\">\n\t\t\t\t\t\t<section class=\"elementor-section elementor-top-section elementor-element elementor-element-9cfb741 elementor-section-boxed elementor-section-height-default elementor-section-height-default\" data-id=\"9cfb741\" data-element_type=\"section\">\n\t\t\t\t\t\t<div class=\"elementor-container elementor-column-gap-default\">\n\t\t\t\t\t<div class=\"elementor-column elementor-col-100 elementor-top-column elementor-element elementor-element-9a073fc\" data-id=\"9a073fc\" data-element_type=\"column\">\n\t\t\t<div class=\"elementor-widget-wrap elementor-element-populated\">\n\t\t\t\t\t\t<div class=\"elementor-element elementor-element-8b7db60 elementor-widget elementor-widget-heading\" data-id=\"8b7db60\" data-element_type=\"widget\" data-widget_type=\"heading.default\">\n\t\t\t\t<div class=\"elementor-widget-container\">\n\t\t\t<h1 class=\"elementor-heading-title elementor-size-default\">Camping<\/h1>\t\t<\/div>\n\t\t\t\t<\/div>\n\t\t\t\t\t<\/div>\n\t\t<\/div>\n\t\t\t\t\t<\/div>\n\t\t<\/section>\n\t\t\t\t<section class=\"elementor-section elementor-top-section elementor-element elementor-element-6b3b605 elementor-section-boxed elementor-section-height-default elementor-section-height-default\" data-id=\"6b3b605\" data-element_type=\"section\">\n\t\t\t\t\t\t<div class=\"elementor-container elementor-column-gap-default\">\n\t\t\t\t\t<div class=\"elementor-column elementor-col-100 elementor-top-column elementor-element elementor-element-11f13af\" data-id=\"11f13af\" data-element_type=\"column\">\n\t\t\t<div class=\"elementor-widget-wrap elementor-element-populated\">\n\t\t\t\t\t\t<div class=\"elementor-element elementor-element-cfc3570 elementor-widget elementor-widget-image\" data-id=\"cfc3570\" data-element_type=\"widget\" data-widget_type=\"image.default\">\n\t\t\t\t<div class=\"elementor-widget-container\">\n\t\t\t\t\t\t\t\t\t\t<figure class=\"wp-caption\">\n\t\t\t\t\t\t\t\t\t\t\t<a href=\"http:\/\/www.andvergnuegen.com\">\n\t\t\t\t\t\t\t<img fetchpriority=\"high\" decoding=\"async\" width=\"800\" height=\"534\" src=\"https:\/\/www.hof-sue.de\/wp-content\/uploads\/2024\/07\/DSC5604-1024x683.jpg\" class=\"attachment-large size-large wp-image-600\" alt=\"Landvergn\u00fcgen bei Schaf und Gefl\u00fcgelhof Sue\" srcset=\"https:\/\/www.hof-sue.de\/wp-content\/uploads\/2024\/07\/DSC5604-1024x683.jpg 1024w, https:\/\/www.hof-sue.de\/wp-content\/uploads\/2024\/07\/DSC5604-300x200.jpg 300w, https:\/\/www.hof-sue.de\/wp-content\/uploads\/2024\/07\/DSC5604-768x512.jpg 768w, https:\/\/www.hof-sue.de\/wp-content\/uploads\/2024\/07\/DSC5604-1536x1024.jpg 1536w, https:\/\/www.hof-sue.de\/wp-content\/uploads\/2024\/07\/DSC5604-2048x1365.jpg 2048w\" sizes=\"(max-width: 800px) 100vw, 800px\" \/>\t\t\t\t\t\t\t\t<\/a>\n\t\t\t\t\t\t\t\t\t\t\t<figcaption class=\"widget-image-caption wp-caption-text\">Landvergn\u00fcgen Gastgeber seit 2022<\/figcaption>\n\t\t\t\t\t\t\t\t\t\t<\/figure>\n\t\t\t\t\t\t\t<\/div>\n\t\t\t\t<\/div>\n\t\t\t\t\t<\/div>\n\t\t<\/div>\n\t\t\t\t\t<\/div>\n\t\t<\/section>\n\t\t\t\t<section class=\"elementor-section elementor-top-section elementor-element elementor-element-2a2a761 elementor-section-boxed elementor-section-height-default elementor-section-height-default\" data-id=\"2a2a761\" data-element_type=\"section\">\n\t\t\t\t\t\t<div class=\"elementor-container elementor-column-gap-default\">\n\t\t\t\t\t<div class=\"elementor-column elementor-col-100 elementor-top-column elementor-element elementor-element-bed769c\" data-id=\"bed769c\" data-element_type=\"column\">\n\t\t\t<div class=\"elementor-widget-wrap elementor-element-populated\">\n\t\t\t\t\t\t<div class=\"elementor-element elementor-element-b29d11c elementor-widget elementor-widget-text-editor\" data-id=\"b29d11c\" data-element_type=\"widget\" data-widget_type=\"text-editor.default\">\n\t\t\t\t<div class=\"elementor-widget-container\">\n\t\t\t\t\t\t\t<p>Unsere gro\u00dfz\u00fcgig angelegte Streuobstwiese mit unserem Baumhaus, bietet genug Platz f\u00fcr unsere lieben G\u00e4ste. In Mitten der Natur, mit Feldblick und fernab von L\u00e4rm.<\/p>\t\t\t\t\t\t<\/div>\n\t\t\t\t<\/div>\n\t\t\t\t\t<\/div>\n\t\t<\/div>\n\t\t\t\t\t<\/div>\n\t\t<\/section>\n\t\t\t\t<section class=\"elementor-section elementor-top-section elementor-element elementor-element-bd5e7b1 elementor-section-boxed elementor-section-height-default elementor-section-height-default\" data-id=\"bd5e7b1\" data-element_type=\"section\">\n\t\t\t\t\t\t<div class=\"elementor-container elementor-column-gap-default\">\n\t\t\t\t\t<div class=\"elementor-column elementor-col-100 elementor-top-column elementor-element elementor-element-33f8aaa\" data-id=\"33f8aaa\" data-element_type=\"column\">\n\t\t\t<div class=\"elementor-widget-wrap elementor-element-populated\">\n\t\t\t\t\t\t<div class=\"elementor-element elementor-element-7f2f129 elementor-widget elementor-widget-image\" data-id=\"7f2f129\" data-element_type=\"widget\" data-widget_type=\"image.default\">\n\t\t\t\t<div class=\"elementor-widget-container\">\n\t\t\t\t\t\t\t\t\t\t<figure class=\"wp-caption\">\n\t\t\t\t\t\t\t\t\t\t<img decoding=\"async\" width=\"680\" height=\"510\" src=\"https:\/\/www.hof-sue.de\/wp-content\/uploads\/2024\/07\/2023-08-27.jpg\" class=\"attachment-full size-full wp-image-626\" alt=\"Schaf und Gefl\u00fcgelhof Camping\" srcset=\"https:\/\/www.hof-sue.de\/wp-content\/uploads\/2024\/07\/2023-08-27.jpg 680w, https:\/\/www.hof-sue.de\/wp-content\/uploads\/2024\/07\/2023-08-27-300x225.jpg 300w\" sizes=\"(max-width: 680px) 100vw, 680px\" \/>\t\t\t\t\t\t\t\t\t\t\t<figcaption class=\"widget-image-caption wp-caption-text\">Camping neben dem Baumhaus mit traumhaftem Sonnenuntergang<\/figcaption>\n\t\t\t\t\t\t\t\t\t\t<\/figure>\n\t\t\t\t\t\t\t<\/div>\n\t\t\t\t<\/div>\n\t\t\t\t\t<\/div>\n\t\t<\/div>\n\t\t\t\t\t<\/div>\n\t\t<\/section>\n\t\t\t\t<section class=\"elementor-section elementor-top-section elementor-element elementor-element-4017193 elementor-section-boxed elementor-section-height-default elementor-section-height-default\" data-id=\"4017193\" data-element_type=\"section\">\n\t\t\t\t\t\t<div class=\"elementor-container elementor-column-gap-default\">\n\t\t\t\t\t<div class=\"elementor-column elementor-col-100 elementor-top-column elementor-element elementor-element-760f830\" data-id=\"760f830\" data-element_type=\"column\">\n\t\t\t<div class=\"elementor-widget-wrap elementor-element-populated\">\n\t\t\t\t\t\t<div class=\"elementor-element elementor-element-c819714 elementor-widget elementor-widget-text-editor\" data-id=\"c819714\" data-element_type=\"widget\" data-widget_type=\"text-editor.default\">\n\t\t\t\t<div class=\"elementor-widget-container\">\n\t\t\t\t\t\t\t<p>Neben Ruhe, Erholung und Entschleunigung, hat der Hof aber auch andere tolle Dinge zu bieten. Ganz oben steht da das Toben auf dem Baumhaus, Fu\u00dfball spielen auf dem gro\u00dfem Platz oder ein Besuch im Streichelzoo bei den Miniziegen. Auf unserem Hof ist viel zu erkunden und f\u00fcr alle was dabei.<\/p>\t\t\t\t\t\t<\/div>\n\t\t\t\t<\/div>\n\t\t\t\t\t<\/div>\n\t\t<\/div>\n\t\t\t\t\t<\/div>\n\t\t<\/section>\n\t\t\t\t<section class=\"elementor-section elementor-top-section elementor-element elementor-element-dd7d0e1 elementor-section-boxed elementor-section-height-default elementor-section-height-default\" data-id=\"dd7d0e1\" data-element_type=\"section\">\n\t\t\t\t\t\t<div class=\"elementor-container elementor-column-gap-default\">\n\t\t\t\t\t<div class=\"elementor-column elementor-col-33 elementor-top-column elementor-element elementor-element-c3eee4e\" data-id=\"c3eee4e\" data-element_type=\"column\">\n\t\t\t<div class=\"elementor-widget-wrap\">\n\t\t\t\t\t\t\t<\/div>\n\t\t<\/div>\n\t\t\t\t<div class=\"elementor-column elementor-col-33 elementor-top-column elementor-element elementor-element-02c4a30\" data-id=\"02c4a30\" data-element_type=\"column\">\n\t\t\t<div class=\"elementor-widget-wrap elementor-element-populated\">\n\t\t\t\t\t\t<div class=\"elementor-element elementor-element-8a17833 elementor-widget elementor-widget-image\" data-id=\"8a17833\" data-element_type=\"widget\" data-widget_type=\"image.default\">\n\t\t\t\t<div class=\"elementor-widget-container\">\n\t\t\t\t\t\t\t\t\t\t<figure class=\"wp-caption\">\n\t\t\t\t\t\t\t\t\t\t<img decoding=\"async\" width=\"683\" height=\"1024\" src=\"https:\/\/www.hof-sue.de\/wp-content\/uploads\/2024\/07\/DSC4296-683x1024.jpg\" class=\"attachment-large size-large wp-image-635\" alt=\"Streichelzoo Schaf und Gefl\u00fcgelhof Sue\" srcset=\"https:\/\/www.hof-sue.de\/wp-content\/uploads\/2024\/07\/DSC4296-683x1024.jpg 683w, https:\/\/www.hof-sue.de\/wp-content\/uploads\/2024\/07\/DSC4296-200x300.jpg 200w, https:\/\/www.hof-sue.de\/wp-content\/uploads\/2024\/07\/DSC4296-768x1152.jpg 768w, https:\/\/www.hof-sue.de\/wp-content\/uploads\/2024\/07\/DSC4296-1024x1536.jpg 1024w, https:\/\/www.hof-sue.de\/wp-content\/uploads\/2024\/07\/DSC4296-1365x2048.jpg 1365w, https:\/\/www.hof-sue.de\/wp-content\/uploads\/2024\/07\/DSC4296-scaled.jpg 1707w\" sizes=\"(max-width: 683px) 100vw, 683px\" \/>\t\t\t\t\t\t\t\t\t\t\t<figcaption class=\"widget-image-caption wp-caption-text\">Streichelzoo<\/figcaption>\n\t\t\t\t\t\t\t\t\t\t<\/figure>\n\t\t\t\t\t\t\t<\/div>\n\t\t\t\t<\/div>\n\t\t\t\t<div class=\"elementor-element elementor-element-0546909 elementor-widget elementor-widget-image\" data-id=\"0546909\" data-element_type=\"widget\" data-widget_type=\"image.default\">\n\t\t\t\t<div class=\"elementor-widget-container\">\n\t\t\t\t\t\t\t\t\t\t<figure class=\"wp-caption\">\n\t\t\t\t\t\t\t\t\t\t<img loading=\"lazy\" decoding=\"async\" width=\"800\" height=\"534\" src=\"https:\/\/www.hof-sue.de\/wp-content\/uploads\/2024\/07\/DSC4220-1024x683.jpg\" class=\"attachment-large size-large wp-image-636\" alt=\"Hasen Schaf und Gefl\u00fcgelhof Sue\" srcset=\"https:\/\/www.hof-sue.de\/wp-content\/uploads\/2024\/07\/DSC4220-1024x683.jpg 1024w, https:\/\/www.hof-sue.de\/wp-content\/uploads\/2024\/07\/DSC4220-300x200.jpg 300w, https:\/\/www.hof-sue.de\/wp-content\/uploads\/2024\/07\/DSC4220-768x512.jpg 768w, https:\/\/www.hof-sue.de\/wp-content\/uploads\/2024\/07\/DSC4220-1536x1024.jpg 1536w, https:\/\/www.hof-sue.de\/wp-content\/uploads\/2024\/07\/DSC4220-2048x1365.jpg 2048w\" sizes=\"(max-width: 800px) 100vw, 800px\" \/>\t\t\t\t\t\t\t\t\t\t\t<figcaption class=\"widget-image-caption wp-caption-text\">Kaninchenstall<\/figcaption>\n\t\t\t\t\t\t\t\t\t\t<\/figure>\n\t\t\t\t\t\t\t<\/div>\n\t\t\t\t<\/div>\n\t\t\t\t<div class=\"elementor-element elementor-element-d86d806 elementor-widget elementor-widget-image\" data-id=\"d86d806\" data-element_type=\"widget\" data-widget_type=\"image.default\">\n\t\t\t\t<div class=\"elementor-widget-container\">\n\t\t\t\t\t\t\t\t\t\t<figure class=\"wp-caption\">\n\t\t\t\t\t\t\t\t\t\t<img loading=\"lazy\" decoding=\"async\" width=\"2560\" height=\"1707\" src=\"https:\/\/www.hof-sue.de\/wp-content\/uploads\/2024\/07\/DSC5001-scaled.jpg\" class=\"attachment-full size-full wp-image-637\" alt=\"Toben Schaf und Gefl\u00fcgelhof Sue\" srcset=\"https:\/\/www.hof-sue.de\/wp-content\/uploads\/2024\/07\/DSC5001-scaled.jpg 2560w, https:\/\/www.hof-sue.de\/wp-content\/uploads\/2024\/07\/DSC5001-300x200.jpg 300w, https:\/\/www.hof-sue.de\/wp-content\/uploads\/2024\/07\/DSC5001-1024x683.jpg 1024w, https:\/\/www.hof-sue.de\/wp-content\/uploads\/2024\/07\/DSC5001-768x512.jpg 768w, https:\/\/www.hof-sue.de\/wp-content\/uploads\/2024\/07\/DSC5001-1536x1024.jpg 1536w, https:\/\/www.hof-sue.de\/wp-content\/uploads\/2024\/07\/DSC5001-2048x1365.jpg 2048w\" sizes=\"(max-width: 2560px) 100vw, 2560px\" \/>\t\t\t\t\t\t\t\t\t\t\t<figcaption class=\"widget-image-caption wp-caption-text\">Trecker fahren f\u00fcr die Kleinen<\/figcaption>\n\t\t\t\t\t\t\t\t\t\t<\/figure>\n\t\t\t\t\t\t\t<\/div>\n\t\t\t\t<\/div>\n\t\t\t\t\t<\/div>\n\t\t<\/div>\n\t\t\t\t<div class=\"elementor-column elementor-col-33 elementor-top-column elementor-element elementor-element-79abb0b\" data-id=\"79abb0b\" data-element_type=\"column\">\n\t\t\t<div class=\"elementor-widget-wrap\">\n\t\t\t\t\t\t\t<\/div>\n\t\t<\/div>\n\t\t\t\t\t<\/div>\n\t\t<\/section>\n\t\t\t\t<\/div>\n\t\t","protected":false},"excerpt":{"rendered":"<p>Camping Landvergn\u00fcgen Gastgeber seit 2022 Unsere gro\u00dfz\u00fcgig angelegte Streuobstwiese mit unserem Baumhaus, bietet genug Platz f\u00fcr unsere lieben G\u00e4ste. In Mitten der Natur, mit Feldblick und fernab von L\u00e4rm. Camping neben dem Baumhaus mit traumhaftem Sonnenuntergang Neben Ruhe, Erholung und Entschleunigung, hat der Hof aber auch andere tolle Dinge zu bieten. Ganz oben steht da [&hellip;]<\/p>\n","protected":false},"author":2,"featured_media":0,"parent":0,"menu_order":0,"comment_status":"closed","ping_status":"closed","template":"","meta":{"footnotes":""},"class_list":["post-569","page","type-page","status-publish","hentry"],"_links":{"self":[{"href":"https:\/\/www.hof-sue.de\/index.php?rest_route=\/wp\/v2\/pages\/569","targetHints":{"allow":["GET"]}}],"collection":[{"href":"https:\/\/www.hof-sue.de\/index.php?rest_route=\/wp\/v2\/pages"}],"about":[{"href":"https:\/\/www.hof-sue.de\/index.php?rest_route=\/wp\/v2\/types\/page"}],"author":[{"embeddable":true,"href":"https:\/\/www.hof-sue.de\/index.php?rest_route=\/wp\/v2\/users\/2"}],"replies":[{"embeddable":true,"href":"https:\/\/www.hof-sue.de\/index.php?rest_route=%2Fwp%2Fv2%2Fcomments&post=569"}],"version-history":[{"count":40,"href":"https:\/\/www.hof-sue.de\/index.php?rest_route=\/wp\/v2\/pages\/569\/revisions"}],"predecessor-version":[{"id":656,"href":"https:\/\/www.hof-sue.de\/index.php?rest_route=\/wp\/v2\/pages\/569\/revisions\/656"}],"wp:attachment":[{"href":"https:\/\/www.hof-sue.de\/index.php?rest_route=%2Fwp%2Fv2%2Fmedia&parent=569"}],"curies":[{"name":"wp","href":"https:\/\/api.w.org\/{rel}","templated":true}]}}